{"id":20069,"date":"2025-05-20T05:57:07","date_gmt":"2025-05-20T03:57:07","guid":{"rendered":"https:\/\/nicandmel.com\/?post_type=product&#038;p=20069"},"modified":"2025-12-09T08:15:11","modified_gmt":"2025-12-09T07:15:11","slug":"magnetfodral-cognac-magesafe-tradlos-laddning-iphone-16-pro-max","status":"publish","type":"product","link":"https:\/\/nicandmel.com\/sv\/produkt\/magnetfodral-cognac-magesafe-tradlos-laddning-iphone-16-pro-max\/","title":{"rendered":"Mobilskal i cognacl\u00e4der \u2013 iPhone 16 Pro Max"},"content":{"rendered":"<h2 class=\"\" data-start=\"646\" data-end=\"711\">Mobilskal i cognacl\u00e4der \u2013 F\u00f6r iPhone 16 Pro Max<\/h2>\n<p class=\"\" data-start=\"713\" data-end=\"990\">Lyft din iPhone 16 Pro Max med detta skal<strong data-start=\"750\" data-end=\"798\">\u00a0i cognacf\u00e4rgat italienskt l\u00e4der<\/strong> \u2013 d\u00e4r hantverk m\u00f6ter funktion. Fodralet \u00e4r.<\/p>\n<p class=\"\" data-start=\"992\" data-end=\"1163\">Tillverkat i <strong data-start=\"1005\" data-end=\"1047\">fullnarvigt vegetabiliskt garvat l\u00e4der<\/strong> fr\u00e5n Italien, \u00e4r detta ett fodral som blir vackrare med tiden och skapar en unik patina som speglar din anv\u00e4ndning.<\/p>\n<h2 class=\"\" data-start=\"1165\" data-end=\"1189\">Funktioner &amp; F\u00f6rdelar<\/h2>\n<ul data-start=\"1191\" data-end=\"1741\">\n<li class=\"\" data-start=\"1279\" data-end=\"1375\">\n<p class=\"\" data-start=\"1281\" data-end=\"1375\"><strong data-start=\"1281\" data-end=\"1307\">\u00c4kta italienskt l\u00e4der:<\/strong> Fullnarvigt l\u00e4der i klassisk cognacf\u00e4rg \u2013 slitstarkt och exklusivt.<\/p>\n<\/li>\n<li class=\"\" data-start=\"1376\" data-end=\"1484\">\n<p class=\"\" data-start=\"1378\" data-end=\"1484\"><strong data-start=\"1378\" data-end=\"1399\">Perfekt passform:<\/strong> Skapat f\u00f6r iPhone 16 Pro Max med exakta utsk\u00e4rningar f\u00f6r kamera, knappar och portar.<\/p>\n<\/li>\n<li class=\"\" data-start=\"1485\" data-end=\"1580\">\n<p class=\"\" data-start=\"1487\" data-end=\"1580\"><strong data-start=\"1487\" data-end=\"1501\">St\u00f6tskydd:<\/strong> Dold TPU-struktur absorberar st\u00f6tar. Upph\u00f6jda kanter skyddar sk\u00e4rm och kamera.<\/p>\n<\/li>\n<li class=\"\" data-start=\"1581\" data-end=\"1662\">\n<p class=\"\" data-start=\"1583\" data-end=\"1662\"><strong data-start=\"1583\" data-end=\"1599\">Mjuk insida:<\/strong> Mikrofiberfoder skyddar telefonens baksida mot repor och damm.<\/p>\n<\/li>\n<li class=\"\" data-start=\"1663\" data-end=\"1741\">\n<p class=\"\" data-start=\"1665\" data-end=\"1741\"><strong data-start=\"1665\" data-end=\"1684\">Slimmad design:<\/strong> Tunt men t\u00e5ligt \u2013 bibeh\u00e5ller telefonens eleganta profil.<\/p>\n<\/li>\n<\/ul>\n<h2 class=\"\" data-start=\"1743\" data-end=\"1780\">F\u00f6r dig som vill ha skydd med stil<\/h2>\n<p class=\"\" data-start=\"1782\" data-end=\"2011\">Oavsett om du \u00e4r p\u00e5 jobbet, p\u00e5 resande fot eller kopplar av hemma, \u00e4r detta <strong data-start=\"1858\" data-end=\"1888\">cognacf\u00e4rgade mobilskal<\/strong>\u00a0ett perfekt komplement till din iPhone 16 Pro Max. Det ger ett intryck av diskret lyx \u2013 varje g\u00e5ng du tar upp din telefon.<\/p>\n<hr class=\"\" data-start=\"2013\" data-end=\"2016\" \/>\n<h3 class=\"\" data-start=\"2018\" data-end=\"2025\">FAQ<\/h3>\n<p class=\"\" data-start=\"2027\" data-end=\"2185\"><strong data-start=\"2027\" data-end=\"2039\">Fr\u00e5ga 1:<\/strong> \u00c4r fodralet kompatibelt med MagSafe-laddning?<br data-start=\"2085\" data-end=\"2088\" \/><strong data-start=\"2088\" data-end=\"2097\">Svar:<\/strong> Nej!<\/p>\n<p class=\"\" data-start=\"2187\" data-end=\"2328\"><strong data-start=\"2187\" data-end=\"2199\">Fr\u00e5ga 2:<\/strong> Vilken typ av l\u00e4der anv\u00e4nds?<br data-start=\"2228\" data-end=\"2231\" \/><strong data-start=\"2231\" data-end=\"2240\">Svar:<\/strong> Fullnarvigt, vegetabiliskt garvat italienskt l\u00e4der som \u00e5ldras vackert och h\u00e5ller l\u00e4nge.<\/p>\n<p class=\"\" data-start=\"2330\" data-end=\"2470\"><strong data-start=\"2330\" data-end=\"2342\">Fr\u00e5ga 3:<\/strong> Skyddar fodralet mot st\u00f6tar och fall?<br data-start=\"2380\" data-end=\"2383\" \/><strong data-start=\"2383\" data-end=\"2392\">Svar:<\/strong> Ja, det har en st\u00f6td\u00e4mpande k\u00e4rna samt upph\u00f6jda kanter runt sk\u00e4rm och kamera.<\/p>\n<p class=\"\" data-start=\"2472\" data-end=\"2606\"><strong data-start=\"2472\" data-end=\"2484\">Fr\u00e5ga 4:<\/strong> \u00c4r fodralet tungt eller klumpigt?<br data-start=\"2518\" data-end=\"2521\" \/><strong data-start=\"2521\" data-end=\"2530\">Svar:<\/strong> Nej, det har en slimmad och l\u00e4tt design som ligger bra i handen och fickan.<\/p>\n","protected":false},"excerpt":{"rendered":"<p class=\"\" data-start=\"466\" data-end=\"644\">Exklusivt mobilskal i \u00e4kta cognacf\u00e4rgat l\u00e4der, designat f\u00f6r iPhone 16 Pro Max. Elegant, skyddande och skapat f\u00f6r att \u00e5ldras vackert.<\/p>\n<h2 class=\"\" data-start=\"646\" data-end=\"711\"><\/h2>\n","protected":false},"featured_media":18111,"template":"","meta":{"_acf_changed":false},"product_brand":[],"product_cat":[1813],"product_tag":[],"class_list":{"0":"post-20069","1":"product","2":"type-product","3":"status-publish","4":"has-post-thumbnail","6":"product_cat-mobiltillbehor","8":"first","9":"instock","10":"taxable","11":"shipping-taxable","12":"purchasable","13":"product-type-simple"},"acf":[],"yoast_head":"<!-- This site is optimized with the Yoast SEO plugin v27.5 - https:\/\/yoast.com\/product\/yoast-seo-wordpress\/ -->\n<title>Magnetfodral Cognac \u2013 iPhone 16 Pro med MagSafe<\/title>\n<meta name=\"robots\" content=\"index, follow, max-snippet:-1, max-image-preview:large, max-video-preview:-1\" \/>\n<link rel=\"canonical\" href=\"https:\/\/nicandmel.com\/sv\/produkt\/magnetfodral-cognac-magesafe-tradlos-laddning-iphone-16-pro-max\/\" \/>\n<meta property=\"og:locale\" content=\"sv_SE\" \/>\n<meta property=\"og:type\" content=\"article\" \/>\n<meta property=\"og:title\" content=\"Magnetfodral Cognac \u2013 iPhone 16 Pro med MagSafe\" \/>\n<meta property=\"og:description\" content=\"Exklusivt mobilskal i \u00e4kta cognacf\u00e4rgat l\u00e4der, designat f\u00f6r iPhone 16 Pro Max. Elegant, skyddande och skapat f\u00f6r att \u00e5ldras vackert.\" \/>\n<meta property=\"og:url\" content=\"https:\/\/nicandmel.com\/sv\/produkt\/magnetfodral-cognac-magesafe-tradlos-laddning-iphone-16-pro-max\/\" \/>\n<meta property=\"og:site_name\" content=\"Nic &amp; Mel\" \/>\n<meta property=\"article:publisher\" content=\"https:\/\/www.facebook.com\/nicandmel\" \/>\n<meta property=\"article:modified_time\" content=\"2025-12-09T07:15:11+00:00\" \/>\n<meta property=\"og:image\" content=\"https:\/\/nicandmel.com\/wp-content\/uploads\/2023\/12\/magcase-congac-11-max.jpg\" \/>\n\t<meta property=\"og:image:width\" content=\"1500\" \/>\n\t<meta property=\"og:image:height\" content=\"1828\" \/>\n\t<meta property=\"og:image:type\" content=\"image\/jpeg\" \/>\n<meta name=\"twitter:card\" content=\"summary_large_image\" \/>\n<meta name=\"twitter:label1\" content=\"Ber\u00e4knad l\u00e4stid\" \/>\n\t<meta name=\"twitter:data1\" content=\"2 minuter\" \/>\n<script type=\"application\/ld+json\" class=\"yoast-schema-graph\">{\"@context\":\"https:\\\/\\\/schema.org\",\"@graph\":[{\"@type\":\"WebPage\",\"@id\":\"https:\\\/\\\/nicandmel.com\\\/sv\\\/produkt\\\/magnetfodral-cognac-magesafe-tradlos-laddning-iphone-16-pro-max\\\/\",\"url\":\"https:\\\/\\\/nicandmel.com\\\/sv\\\/produkt\\\/magnetfodral-cognac-magesafe-tradlos-laddning-iphone-16-pro-max\\\/\",\"name\":\"Magnetfodral Cognac \u2013 iPhone 16 Pro med MagSafe\",\"isPartOf\":{\"@id\":\"https:\\\/\\\/nicandmel.com\\\/sv\\\/#website\"},\"primaryImageOfPage\":{\"@id\":\"https:\\\/\\\/nicandmel.com\\\/sv\\\/produkt\\\/magnetfodral-cognac-magesafe-tradlos-laddning-iphone-16-pro-max\\\/#primaryimage\"},\"image\":{\"@id\":\"https:\\\/\\\/nicandmel.com\\\/sv\\\/produkt\\\/magnetfodral-cognac-magesafe-tradlos-laddning-iphone-16-pro-max\\\/#primaryimage\"},\"thumbnailUrl\":\"https:\\\/\\\/nicandmel.com\\\/wp-content\\\/uploads\\\/2023\\\/12\\\/magcase-congac-11-max.jpg\",\"datePublished\":\"2025-05-20T03:57:07+00:00\",\"dateModified\":\"2025-12-09T07:15:11+00:00\",\"breadcrumb\":{\"@id\":\"https:\\\/\\\/nicandmel.com\\\/sv\\\/produkt\\\/magnetfodral-cognac-magesafe-tradlos-laddning-iphone-16-pro-max\\\/#breadcrumb\"},\"inLanguage\":\"sv-SE\",\"potentialAction\":[{\"@type\":\"ReadAction\",\"target\":[\"https:\\\/\\\/nicandmel.com\\\/sv\\\/produkt\\\/magnetfodral-cognac-magesafe-tradlos-laddning-iphone-16-pro-max\\\/\"]}]},{\"@type\":\"ImageObject\",\"inLanguage\":\"sv-SE\",\"@id\":\"https:\\\/\\\/nicandmel.com\\\/sv\\\/produkt\\\/magnetfodral-cognac-magesafe-tradlos-laddning-iphone-16-pro-max\\\/#primaryimage\",\"url\":\"https:\\\/\\\/nicandmel.com\\\/wp-content\\\/uploads\\\/2023\\\/12\\\/magcase-congac-11-max.jpg\",\"contentUrl\":\"https:\\\/\\\/nicandmel.com\\\/wp-content\\\/uploads\\\/2023\\\/12\\\/magcase-congac-11-max.jpg\",\"width\":1500,\"height\":1828},{\"@type\":\"BreadcrumbList\",\"@id\":\"https:\\\/\\\/nicandmel.com\\\/sv\\\/produkt\\\/magnetfodral-cognac-magesafe-tradlos-laddning-iphone-16-pro-max\\\/#breadcrumb\",\"itemListElement\":[{\"@type\":\"ListItem\",\"position\":1,\"name\":\"Home\",\"item\":\"https:\\\/\\\/nicandmel.com\\\/sv\\\/\"},{\"@type\":\"ListItem\",\"position\":2,\"name\":\"Butik\",\"item\":\"https:\\\/\\\/nicandmel.com\\\/sv\\\/butik\\\/\"},{\"@type\":\"ListItem\",\"position\":3,\"name\":\"Mobilskal i cognacl\u00e4der \u2013 iPhone 16 Pro Max\"}]},{\"@type\":\"WebSite\",\"@id\":\"https:\\\/\\\/nicandmel.com\\\/sv\\\/#website\",\"url\":\"https:\\\/\\\/nicandmel.com\\\/sv\\\/\",\"name\":\"Nic & Mel\",\"description\":\"Handmade leather goods\",\"publisher\":{\"@id\":\"https:\\\/\\\/nicandmel.com\\\/sv\\\/#organization\"},\"potentialAction\":[{\"@type\":\"SearchAction\",\"target\":{\"@type\":\"EntryPoint\",\"urlTemplate\":\"https:\\\/\\\/nicandmel.com\\\/sv\\\/?s={search_term_string}\"},\"query-input\":{\"@type\":\"PropertyValueSpecification\",\"valueRequired\":true,\"valueName\":\"search_term_string\"}}],\"inLanguage\":\"sv-SE\"},{\"@type\":\"Organization\",\"@id\":\"https:\\\/\\\/nicandmel.com\\\/sv\\\/#organization\",\"name\":\"Nic & Mel\",\"url\":\"https:\\\/\\\/nicandmel.com\\\/sv\\\/\",\"logo\":{\"@type\":\"ImageObject\",\"inLanguage\":\"sv-SE\",\"@id\":\"https:\\\/\\\/nicandmel.com\\\/sv\\\/#\\\/schema\\\/logo\\\/image\\\/\",\"url\":\"https:\\\/\\\/nicandmel.com\\\/wp-content\\\/uploads\\\/2021\\\/07\\\/nic_and_mel_logo.png\",\"contentUrl\":\"https:\\\/\\\/nicandmel.com\\\/wp-content\\\/uploads\\\/2021\\\/07\\\/nic_and_mel_logo.png\",\"width\":1237,\"height\":263,\"caption\":\"Nic & Mel\"},\"image\":{\"@id\":\"https:\\\/\\\/nicandmel.com\\\/sv\\\/#\\\/schema\\\/logo\\\/image\\\/\"},\"sameAs\":[\"https:\\\/\\\/www.facebook.com\\\/nicandmel\"]}]}<\/script>\n<!-- \/ Yoast SEO plugin. -->","yoast_head_json":{"title":"Magnetfodral Cognac \u2013 iPhone 16 Pro med MagSafe","robots":{"index":"index","follow":"follow","max-snippet":"max-snippet:-1","max-image-preview":"max-image-preview:large","max-video-preview":"max-video-preview:-1"},"canonical":"https:\/\/nicandmel.com\/sv\/produkt\/magnetfodral-cognac-magesafe-tradlos-laddning-iphone-16-pro-max\/","og_locale":"sv_SE","og_type":"article","og_title":"Magnetfodral Cognac \u2013 iPhone 16 Pro med MagSafe","og_description":"Exklusivt mobilskal i \u00e4kta cognacf\u00e4rgat l\u00e4der, designat f\u00f6r iPhone 16 Pro Max. Elegant, skyddande och skapat f\u00f6r att \u00e5ldras vackert.","og_url":"https:\/\/nicandmel.com\/sv\/produkt\/magnetfodral-cognac-magesafe-tradlos-laddning-iphone-16-pro-max\/","og_site_name":"Nic &amp; Mel","article_publisher":"https:\/\/www.facebook.com\/nicandmel","article_modified_time":"2025-12-09T07:15:11+00:00","og_image":[{"width":1500,"height":1828,"url":"https:\/\/nicandmel.com\/wp-content\/uploads\/2023\/12\/magcase-congac-11-max.jpg","type":"image\/jpeg"}],"twitter_card":"summary_large_image","twitter_misc":{"Ber\u00e4knad l\u00e4stid":"2 minuter"},"schema":{"@context":"https:\/\/schema.org","@graph":[{"@type":"WebPage","@id":"https:\/\/nicandmel.com\/sv\/produkt\/magnetfodral-cognac-magesafe-tradlos-laddning-iphone-16-pro-max\/","url":"https:\/\/nicandmel.com\/sv\/produkt\/magnetfodral-cognac-magesafe-tradlos-laddning-iphone-16-pro-max\/","name":"Magnetfodral Cognac \u2013 iPhone 16 Pro med MagSafe","isPartOf":{"@id":"https:\/\/nicandmel.com\/sv\/#website"},"primaryImageOfPage":{"@id":"https:\/\/nicandmel.com\/sv\/produkt\/magnetfodral-cognac-magesafe-tradlos-laddning-iphone-16-pro-max\/#primaryimage"},"image":{"@id":"https:\/\/nicandmel.com\/sv\/produkt\/magnetfodral-cognac-magesafe-tradlos-laddning-iphone-16-pro-max\/#primaryimage"},"thumbnailUrl":"https:\/\/nicandmel.com\/wp-content\/uploads\/2023\/12\/magcase-congac-11-max.jpg","datePublished":"2025-05-20T03:57:07+00:00","dateModified":"2025-12-09T07:15:11+00:00","breadcrumb":{"@id":"https:\/\/nicandmel.com\/sv\/produkt\/magnetfodral-cognac-magesafe-tradlos-laddning-iphone-16-pro-max\/#breadcrumb"},"inLanguage":"sv-SE","potentialAction":[{"@type":"ReadAction","target":["https:\/\/nicandmel.com\/sv\/produkt\/magnetfodral-cognac-magesafe-tradlos-laddning-iphone-16-pro-max\/"]}]},{"@type":"ImageObject","inLanguage":"sv-SE","@id":"https:\/\/nicandmel.com\/sv\/produkt\/magnetfodral-cognac-magesafe-tradlos-laddning-iphone-16-pro-max\/#primaryimage","url":"https:\/\/nicandmel.com\/wp-content\/uploads\/2023\/12\/magcase-congac-11-max.jpg","contentUrl":"https:\/\/nicandmel.com\/wp-content\/uploads\/2023\/12\/magcase-congac-11-max.jpg","width":1500,"height":1828},{"@type":"BreadcrumbList","@id":"https:\/\/nicandmel.com\/sv\/produkt\/magnetfodral-cognac-magesafe-tradlos-laddning-iphone-16-pro-max\/#breadcrumb","itemListElement":[{"@type":"ListItem","position":1,"name":"Home","item":"https:\/\/nicandmel.com\/sv\/"},{"@type":"ListItem","position":2,"name":"Butik","item":"https:\/\/nicandmel.com\/sv\/butik\/"},{"@type":"ListItem","position":3,"name":"Mobilskal i cognacl\u00e4der \u2013 iPhone 16 Pro Max"}]},{"@type":"WebSite","@id":"https:\/\/nicandmel.com\/sv\/#website","url":"https:\/\/nicandmel.com\/sv\/","name":"Nic & Mel","description":"Handmade leather goods","publisher":{"@id":"https:\/\/nicandmel.com\/sv\/#organization"},"potentialAction":[{"@type":"SearchAction","target":{"@type":"EntryPoint","urlTemplate":"https:\/\/nicandmel.com\/sv\/?s={search_term_string}"},"query-input":{"@type":"PropertyValueSpecification","valueRequired":true,"valueName":"search_term_string"}}],"inLanguage":"sv-SE"},{"@type":"Organization","@id":"https:\/\/nicandmel.com\/sv\/#organization","name":"Nic & Mel","url":"https:\/\/nicandmel.com\/sv\/","logo":{"@type":"ImageObject","inLanguage":"sv-SE","@id":"https:\/\/nicandmel.com\/sv\/#\/schema\/logo\/image\/","url":"https:\/\/nicandmel.com\/wp-content\/uploads\/2021\/07\/nic_and_mel_logo.png","contentUrl":"https:\/\/nicandmel.com\/wp-content\/uploads\/2021\/07\/nic_and_mel_logo.png","width":1237,"height":263,"caption":"Nic & Mel"},"image":{"@id":"https:\/\/nicandmel.com\/sv\/#\/schema\/logo\/image\/"},"sameAs":["https:\/\/www.facebook.com\/nicandmel"]}]}},"_links":{"self":[{"href":"https:\/\/nicandmel.com\/sv\/wp-json\/wp\/v2\/product\/20069","targetHints":{"allow":["GET"]}}],"collection":[{"href":"https:\/\/nicandmel.com\/sv\/wp-json\/wp\/v2\/product"}],"about":[{"href":"https:\/\/nicandmel.com\/sv\/wp-json\/wp\/v2\/types\/product"}],"wp:featuredmedia":[{"embeddable":true,"href":"https:\/\/nicandmel.com\/sv\/wp-json\/wp\/v2\/media\/18111"}],"wp:attachment":[{"href":"https:\/\/nicandmel.com\/sv\/wp-json\/wp\/v2\/media?parent=20069"}],"wp:term":[{"taxonomy":"product_brand","embeddable":true,"href":"https:\/\/nicandmel.com\/sv\/wp-json\/wp\/v2\/product_brand?post=20069"},{"taxonomy":"product_cat","embeddable":true,"href":"https:\/\/nicandmel.com\/sv\/wp-json\/wp\/v2\/product_cat?post=20069"},{"taxonomy":"product_tag","embeddable":true,"href":"https:\/\/nicandmel.com\/sv\/wp-json\/wp\/v2\/product_tag?post=20069"}],"curies":[{"name":"wp","href":"https:\/\/api.w.org\/{rel}","templated":true}]}}